{"version":"1.0","provider_name":"Objectif Image","provider_url":"https:\/\/objectif-image.fr\/OI","author_name":"Pierre S","author_url":"https:\/\/objectif-image.fr\/OI\/author\/pierres-2-2\/","title":"Journ\u00e9e de rencontres - Objectif Image","type":"rich","width":600,"height":338,"html":"<blockquote class=\"wp-embedded-content\" data-secret=\"1IRtivQdl5\"><a href=\"https:\/\/objectif-image.fr\/OI\/22907-2\/\">Journ\u00e9e de rencontres<\/a><\/blockquote><iframe sandbox=\"allow-scripts\" security=\"restricted\" src=\"https:\/\/objectif-image.fr\/OI\/22907-2\/embed\/#?secret=1IRtivQdl5\" width=\"600\" height=\"338\" title=\"\u00ab\u00a0Journ\u00e9e de rencontres\u00a0\u00bb &#8212; Objectif Image\" data-secret=\"1IRtivQdl5\" frameborder=\"0\" marginwidth=\"0\" marginheight=\"0\" scrolling=\"no\" class=\"wp-embedded-content\"><\/iframe><script>\n\/*! This file is auto-generated *\/\n!function(d,l){\"use strict\";l.querySelector&&d.addEventListener&&\"undefined\"!=typeof URL&&(d.wp=d.wp||{},d.wp.receiveEmbedMessage||(d.wp.receiveEmbedMessage=function(e){var t=e.data;if((t||t.secret||t.message||t.value)&&!\/[^a-zA-Z0-9]\/.test(t.secret)){for(var s,r,n,a=l.querySelectorAll('iframe[data-secret=\"'+t.secret+'\"]'),o=l.querySelectorAll('blockquote[data-secret=\"'+t.secret+'\"]'),c=new RegExp(\"^https?:$\",\"i\"),i=0;i<o.length;i++)o[i].style.display=\"none\";for(i=0;i<a.length;i++)s=a[i],e.source===s.contentWindow&&(s.removeAttribute(\"style\"),\"height\"===t.message?(1e3<(r=parseInt(t.value,10))?r=1e3:~~r<200&&(r=200),s.height=r):\"link\"===t.message&&(r=new URL(s.getAttribute(\"src\")),n=new URL(t.value),c.test(n.protocol))&&n.host===r.host&&l.activeElement===s&&(d.top.location.href=t.value))}},d.addEventListener(\"message\",d.wp.receiveEmbedMessage,!1),l.addEventListener(\"DOMContentLoaded\",function(){for(var e,t,s=l.querySelectorAll(\"iframe.wp-embedded-content\"),r=0;r<s.length;r++)(t=(e=s[r]).getAttribute(\"data-secret\"))||(t=Math.random().toString(36).substring(2,12),e.src+=\"#?secret=\"+t,e.setAttribute(\"data-secret\",t)),e.contentWindow.postMessage({message:\"ready\",secret:t},\"*\")},!1)))}(window,document);\n\/\/# sourceURL=https:\/\/objectif-image.fr\/OI\/wp-includes\/js\/wp-embed.min.js\n<\/script>\n","thumbnail_url":"https:\/\/objectif-image.fr\/OI\/wp-content\/uploads\/2019\/10\/DNAS_FLC9856.jpg","thumbnail_width":1024,"thumbnail_height":684,"description":"Dimanche 29 septembre, invit\u00e9s par la Direction Nationale des Activit\u00e9s Sociales et culturelle du groupe La Poste, Objectif Image Montpellier et Objectif Image N\u00eemes \u00e9taient pr\u00e9sents au zoo de La Barben pr\u00e9s de Salon en Provence avec les autres associations (Don du sang, ASPTT, Avea, jumelage etc&#8230;). L&rsquo;occasion de pr\u00e9senter leurs activit\u00e9s Pr\u00e9s de 700 [&hellip;]"}