{"version":"1.0","provider_name":"Objectif Image","provider_url":"https:\/\/objectif-image.fr\/OI","author_name":"Pierre S","author_url":"https:\/\/objectif-image.fr\/OI\/author\/pierres-2-2\/","title":"27\u00e8me Salon National d'Auteurs - Objectif Image","type":"rich","width":600,"height":338,"html":"<blockquote class=\"wp-embedded-content\" data-secret=\"oli2gmrkor\"><a href=\"https:\/\/objectif-image.fr\/OI\/2eeme-salon-national-dauteurs\/\">27\u00e8me Salon National d&rsquo;Auteurs<\/a><\/blockquote><iframe sandbox=\"allow-scripts\" security=\"restricted\" src=\"https:\/\/objectif-image.fr\/OI\/2eeme-salon-national-dauteurs\/embed\/#?secret=oli2gmrkor\" width=\"600\" height=\"338\" title=\"\u00ab\u00a027\u00e8me Salon National d&rsquo;Auteurs\u00a0\u00bb &#8212; Objectif Image\" data-secret=\"oli2gmrkor\" frameborder=\"0\" marginwidth=\"0\" marginheight=\"0\" scrolling=\"no\" class=\"wp-embedded-content\"><\/iframe><script>\n\/*! This file is auto-generated *\/\n!function(d,l){\"use strict\";l.querySelector&&d.addEventListener&&\"undefined\"!=typeof URL&&(d.wp=d.wp||{},d.wp.receiveEmbedMessage||(d.wp.receiveEmbedMessage=function(e){var t=e.data;if((t||t.secret||t.message||t.value)&&!\/[^a-zA-Z0-9]\/.test(t.secret)){for(var s,r,n,a=l.querySelectorAll('iframe[data-secret=\"'+t.secret+'\"]'),o=l.querySelectorAll('blockquote[data-secret=\"'+t.secret+'\"]'),c=new RegExp(\"^https?:$\",\"i\"),i=0;i<o.length;i++)o[i].style.display=\"none\";for(i=0;i<a.length;i++)s=a[i],e.source===s.contentWindow&&(s.removeAttribute(\"style\"),\"height\"===t.message?(1e3<(r=parseInt(t.value,10))?r=1e3:~~r<200&&(r=200),s.height=r):\"link\"===t.message&&(r=new URL(s.getAttribute(\"src\")),n=new URL(t.value),c.test(n.protocol))&&n.host===r.host&&l.activeElement===s&&(d.top.location.href=t.value))}},d.addEventListener(\"message\",d.wp.receiveEmbedMessage,!1),l.addEventListener(\"DOMContentLoaded\",function(){for(var e,t,s=l.querySelectorAll(\"iframe.wp-embedded-content\"),r=0;r<s.length;r++)(t=(e=s[r]).getAttribute(\"data-secret\"))||(t=Math.random().toString(36).substring(2,12),e.src+=\"#?secret=\"+t,e.setAttribute(\"data-secret\",t)),e.contentWindow.postMessage({message:\"ready\",secret:t},\"*\")},!1)))}(window,document);\n\/\/# sourceURL=https:\/\/objectif-image.fr\/OI\/wp-includes\/js\/wp-embed.min.js\n<\/script>\n","thumbnail_url":"https:\/\/objectif-image.fr\/OI\/wp-content\/uploads\/2017\/08\/063v2.jpg","thumbnail_width":1280,"thumbnail_height":939,"description":"Le 27\u00e8me Salon National d\u2019Auteurs d\u2019Objectif Image\u00a0 Du 18 au 26 novembre 2017 De 10h00 \u00e0 12h00 et 14h00 \u00e0 18h30 Salon R\u00e9publique Le paquebot face au n\u00b0 53 avenue de la r\u00e9publique (\u00e0 c\u00f4t\u00e9 de la boutique Orange) 44600\u00a0 SAINT NAZAIRE &nbsp; Jean-Jack MOULIN (Invit\u00e9 d\u2019honneur) Quinze s\u00e9ries d\u2019auteurs d\u2019OI Antoine Leblond \u00ab\u00a0Sept hivers, [&hellip;]"}