{"version":"1.0","provider_name":"Objectif Image","provider_url":"https:\/\/objectif-image.fr\/OI","author_name":"Pierre S","author_url":"https:\/\/objectif-image.fr\/OI\/author\/pierres-2-2\/","title":"Forum de associations - OI33 - Objectif Image","type":"rich","width":600,"height":338,"html":"<blockquote class=\"wp-embedded-content\" data-secret=\"J9PpIIKS48\"><a href=\"https:\/\/objectif-image.fr\/OI\/forum-de-associations-oi33\/\">Forum de associations &#8211; OI33<\/a><\/blockquote><iframe sandbox=\"allow-scripts\" security=\"restricted\" src=\"https:\/\/objectif-image.fr\/OI\/forum-de-associations-oi33\/embed\/#?secret=J9PpIIKS48\" width=\"600\" height=\"338\" title=\"\u00ab\u00a0Forum de associations &#8211; OI33\u00a0\u00bb &#8212; Objectif Image\" data-secret=\"J9PpIIKS48\" frameborder=\"0\" marginwidth=\"0\" marginheight=\"0\" scrolling=\"no\" class=\"wp-embedded-content\"><\/iframe><script>\n\/*! This file is auto-generated *\/\n!function(d,l){\"use strict\";l.querySelector&&d.addEventListener&&\"undefined\"!=typeof URL&&(d.wp=d.wp||{},d.wp.receiveEmbedMessage||(d.wp.receiveEmbedMessage=function(e){var t=e.data;if((t||t.secret||t.message||t.value)&&!\/[^a-zA-Z0-9]\/.test(t.secret)){for(var s,r,n,a=l.querySelectorAll('iframe[data-secret=\"'+t.secret+'\"]'),o=l.querySelectorAll('blockquote[data-secret=\"'+t.secret+'\"]'),c=new RegExp(\"^https?:$\",\"i\"),i=0;i<o.length;i++)o[i].style.display=\"none\";for(i=0;i<a.length;i++)s=a[i],e.source===s.contentWindow&&(s.removeAttribute(\"style\"),\"height\"===t.message?(1e3<(r=parseInt(t.value,10))?r=1e3:~~r<200&&(r=200),s.height=r):\"link\"===t.message&&(r=new URL(s.getAttribute(\"src\")),n=new URL(t.value),c.test(n.protocol))&&n.host===r.host&&l.activeElement===s&&(d.top.location.href=t.value))}},d.addEventListener(\"message\",d.wp.receiveEmbedMessage,!1),l.addEventListener(\"DOMContentLoaded\",function(){for(var e,t,s=l.querySelectorAll(\"iframe.wp-embedded-content\"),r=0;r<s.length;r++)(t=(e=s[r]).getAttribute(\"data-secret\"))||(t=Math.random().toString(36).substring(2,12),e.src+=\"#?secret=\"+t,e.setAttribute(\"data-secret\",t)),e.contentWindow.postMessage({message:\"ready\",secret:t},\"*\")},!1)))}(window,document);\n\/\/# sourceURL=https:\/\/objectif-image.fr\/OI\/wp-includes\/js\/wp-embed.min.js\n<\/script>\n","thumbnail_url":"https:\/\/objectif-image.fr\/OI\/wp-content\/uploads\/2020\/09\/20200907_112430.jpeg","thumbnail_width":640,"thumbnail_height":311,"description":"Objectif Image 33 \u00e9tait pr\u00e9sent lors du Forum des associations le \u00a07 septembre \u00e0 La Poste (immeuble Bonnac). L\u2019int\u00e9r\u00eat \u00e9tait d\u2019associer l\u2019ouverture d\u2019un lieu (le patio) qui se veut lieu de pause, d\u00e9tente et convivialit\u00e9 au sein de l\u2019entreprise avec les associations de La Poste et tous les services offerts aux postiers."}