{"version":"1.0","provider_name":"Objectif Image","provider_url":"https:\/\/objectif-image.fr\/OI","author_name":"Pierre S","author_url":"https:\/\/objectif-image.fr\/OI\/author\/pierres-2-2\/","title":"M\u00e9tamorphoses v\u00e9g\u00e9tales \u2013 Jean-Fran\u00e7ois BAULON - Objectif Image","type":"rich","width":600,"height":338,"html":"<blockquote class=\"wp-embedded-content\" data-secret=\"xc27G16joY\"><a href=\"https:\/\/objectif-image.fr\/OI\/metamorphoses-vegetales-jean-francois-baulon\/\">M\u00e9tamorphoses v\u00e9g\u00e9tales \u2013 Jean-Fran\u00e7ois BAULON<\/a><\/blockquote><iframe sandbox=\"allow-scripts\" security=\"restricted\" src=\"https:\/\/objectif-image.fr\/OI\/metamorphoses-vegetales-jean-francois-baulon\/embed\/#?secret=xc27G16joY\" width=\"600\" height=\"338\" title=\"\u00ab\u00a0M\u00e9tamorphoses v\u00e9g\u00e9tales \u2013 Jean-Fran\u00e7ois BAULON\u00a0\u00bb &#8212; Objectif Image\" data-secret=\"xc27G16joY\" frameborder=\"0\" marginwidth=\"0\" marginheight=\"0\" scrolling=\"no\" class=\"wp-embedded-content\"><\/iframe><script>\n\/*! This file is auto-generated *\/\n!function(d,l){\"use strict\";l.querySelector&&d.addEventListener&&\"undefined\"!=typeof URL&&(d.wp=d.wp||{},d.wp.receiveEmbedMessage||(d.wp.receiveEmbedMessage=function(e){var t=e.data;if((t||t.secret||t.message||t.value)&&!\/[^a-zA-Z0-9]\/.test(t.secret)){for(var s,r,n,a=l.querySelectorAll('iframe[data-secret=\"'+t.secret+'\"]'),o=l.querySelectorAll('blockquote[data-secret=\"'+t.secret+'\"]'),c=new RegExp(\"^https?:$\",\"i\"),i=0;i<o.length;i++)o[i].style.display=\"none\";for(i=0;i<a.length;i++)s=a[i],e.source===s.contentWindow&&(s.removeAttribute(\"style\"),\"height\"===t.message?(1e3<(r=parseInt(t.value,10))?r=1e3:~~r<200&&(r=200),s.height=r):\"link\"===t.message&&(r=new URL(s.getAttribute(\"src\")),n=new URL(t.value),c.test(n.protocol))&&n.host===r.host&&l.activeElement===s&&(d.top.location.href=t.value))}},d.addEventListener(\"message\",d.wp.receiveEmbedMessage,!1),l.addEventListener(\"DOMContentLoaded\",function(){for(var e,t,s=l.querySelectorAll(\"iframe.wp-embedded-content\"),r=0;r<s.length;r++)(t=(e=s[r]).getAttribute(\"data-secret\"))||(t=Math.random().toString(36).substring(2,12),e.src+=\"#?secret=\"+t,e.setAttribute(\"data-secret\",t)),e.contentWindow.postMessage({message:\"ready\",secret:t},\"*\")},!1)))}(window,document);\n\/\/# sourceURL=https:\/\/objectif-image.fr\/OI\/wp-includes\/js\/wp-embed.min.js\n<\/script>\n","thumbnail_url":"https:\/\/objectif-image.fr\/OI\/wp-content\/uploads\/2017\/11\/4-1.jpg","thumbnail_width":767,"thumbnail_height":768,"description":"S\u00e9rie prim\u00e9e et expos\u00e9e lors du 27\u00e8me Salon National d\u2019Auteurs organis\u00e9 par Objectif Image \u00e0 Saint Nazaire.\u00a0 Salon R\u00e9publique (Le Paquebot) face au n\u00b0 53 avenue de La R\u00e9publique \u00e0 St Nazaire. Du 18 au 26 novembre 2017."}